{"id":1019,"date":"2020-04-08T19:05:28","date_gmt":"2020-04-08T17:05:28","guid":{"rendered":"https:\/\/bymanet-shop.fr\/?post_type=product&#038;p=1019"},"modified":"2024-05-21T09:54:35","modified_gmt":"2024-05-21T07:54:35","slug":"anneaux-doreilles-en-plexiglas-cerisier","status":"publish","type":"product","link":"https:\/\/bymanet.com\/en\/produit\/anneaux-doreilles-en-plexiglas-cerisier\/","title":{"rendered":"Anneaux d&#8217;oreilles en plexiglas &#8211; Cerisier"},"content":{"rendered":"<div class=\"elementor-element elementor-element-2106492a elementor-widget elementor-widget-heading animated fadeIn\" data-id=\"2106492a\" data-settings=\"{&quot;_animation&quot;:&quot;fadeIn&quot;}\">\n<div class=\"elementor-widget-container\">\n<h3 class=\"elementor-heading-title elementor-size-default\">Anneaux d&#8217;oreilles en plexiglas : Mod\u00e8le Cerisier<\/h3>\n<\/div>\n<\/div>\n<div class=\"elementor-element elementor-element-c3a1114 elementor-widget elementor-widget-text-editor\" data-id=\"c3a1114\">\n<div class=\"elementor-widget-container\">\n<div class=\"elementor-text-editor elementor-clearfix\">\n<p>Ces anneaux d&#8217;oreilles en plexiglas sont grav\u00e9s avec des burins m\u00e9talliques ces motifs stylis\u00e9s de branche de cerisier. En incisant la surface, je cr\u00e9e un contraste de mati\u00e8re pour jouer avec la lumi\u00e8re qui r\u00e9v\u00e8le le motif. Avec leur large taille d&#8217;une \u00e9paisseur tr\u00e8s fine, ces boucles sont extr\u00eamement l\u00e9g\u00e8res et faciles \u00e0 porter car transparente et incolore.<\/p>\n<p>Discr\u00e8tes, subtiles et charmantes, elles seront l&#8217;accessoire indispensable \u00e0 n&#8217;importe quelle tenue pour des occasions chic ou d\u00e9contract\u00e9es.<\/p>\n<p>Le pouvoir esth\u00e9tique du cerisier et de ses fleurs s&#8217;\u00e9panouit dans cette composition translucide. Ce motif florale enchante par sa subtile d\u00e9licatesse.<\/p>\n<p>Pour prendre soin des boucles un tissu doux pour lunettes sera parfait. Il est important de bien les ranger s\u00e9par\u00e9ment dans leur petite pochette en papier recycl\u00e9 sur mesure.<br \/>\nDans le soucis de prendre soin de notre environnement, j&#8217;aime donner une seconde vie aux objets ou mati\u00e8res vou\u00e9s \u00e0 l&#8217;abandon. C&#8217;est une d\u00e9marche que vous retrouverez dans nombreux de mes projets.<\/p>\n<p>&nbsp;<\/p>\n<\/div>\n<p>\u00e9paisseur de 2 mm pour tous<\/p>\n<div class=\"elementor-text-editor elementor-clearfix\">\n<p>Moyen mod\u00e8le : Diam\u00e8tre de 5 cm<\/p>\n<\/div>\n<p>Grand mod\u00e8le : Diam\u00e8tre de 7 cm<\/p>\n<p>Petit Mod\u00e8le : Diam\u00e8tre 3.5 cm<\/p>\n<p>&nbsp;<\/p>\n<\/div>\n<\/div>\n","protected":false},"excerpt":{"rendered":"<p>Boucle d\u2019oreilles en plexiglas, l\u00e9g\u00e8res, rondes ou rectangulaires, pour oreilles perc\u00e9es ou en clip. Crochets d\u2019oreilles en argent 925\/1000 anti-allergique (sans nickel), avec traitement anti-ternissement.<\/p>\n<h5><strong>S\u00e9lectionnez votre paire dans le menu d\u00e9roulant !!!<\/strong><\/h5>\n","protected":false},"featured_media":1034,"comment_status":"open","ping_status":"closed","template":"","meta":{"_acf_changed":false},"product_brand":[],"product_cat":[48,49],"product_tag":[64,66],"class_list":{"0":"post-1019","1":"product","2":"type-product","3":"status-publish","4":"has-post-thumbnail","6":"product_cat-bijoux","7":"product_cat-collection-gravure","8":"product_tag-boucle-doreilles","9":"product_tag-gravure","11":"first","12":"instock","13":"purchasable","14":"product-type-variable","15":"has-default-attributes"},"acf":[],"yoast_head":"<!-- This site is optimized with the Yoast SEO plugin v26.0 - https:\/\/yoast.com\/wordpress\/plugins\/seo\/ -->\n<title>Anneaux d&#039;oreilles en plexiglas - Cerisier - ByManet<\/title>\n<meta name=\"description\" content=\"Anneaux d&#039;oreilles en plexiglas transparent grav\u00e9 \u00e0 la main, un accessoire pour des occasions chic ou d\u00e9contract\u00e9es. Fleurs de cerisier.\" \/>\n<meta name=\"robots\" content=\"index, follow, max-snippet:-1, max-image-preview:large, max-video-preview:-1\" \/>\n<link rel=\"canonical\" href=\"https:\/\/bymanet.com\/en\/produit\/anneaux-doreilles-en-plexiglas-cerisier\/\" \/>\n<meta property=\"og:locale\" content=\"en_US\" \/>\n<meta property=\"og:type\" content=\"article\" \/>\n<meta property=\"og:title\" content=\"Anneaux d&#039;oreilles en plexiglas - Cerisier - ByManet\" \/>\n<meta property=\"og:description\" content=\"Anneaux d&#039;oreilles en plexiglas transparent grav\u00e9 \u00e0 la main, un accessoire pour des occasions chic ou d\u00e9contract\u00e9es. Fleurs de cerisier.\" \/>\n<meta property=\"og:url\" content=\"https:\/\/bymanet.com\/en\/produit\/anneaux-doreilles-en-plexiglas-cerisier\/\" \/>\n<meta property=\"og:site_name\" content=\"ByManet\" \/>\n<meta property=\"article:modified_time\" content=\"2024-05-21T07:54:35+00:00\" \/>\n<meta property=\"og:image\" content=\"https:\/\/bymanet.com\/wp-content\/uploads\/2020\/04\/Boucle-dO-cerisier-port\u00e9-1-BD-scaled.jpg\" \/>\n\t<meta property=\"og:image:width\" content=\"2560\" \/>\n\t<meta property=\"og:image:height\" content=\"1704\" \/>\n\t<meta property=\"og:image:type\" content=\"image\/jpeg\" \/>\n<meta name=\"twitter:card\" content=\"summary_large_image\" \/>\n<script type=\"application\/ld+json\" class=\"yoast-schema-graph\">{\"@context\":\"https:\/\/schema.org\",\"@graph\":[{\"@type\":\"WebPage\",\"@id\":\"https:\/\/bymanet.com\/en\/produit\/anneaux-doreilles-en-plexiglas-cerisier\/\",\"url\":\"https:\/\/bymanet.com\/en\/produit\/anneaux-doreilles-en-plexiglas-cerisier\/\",\"name\":\"Anneaux d'oreilles en plexiglas - Cerisier - ByManet\",\"isPartOf\":{\"@id\":\"https:\/\/bymanet.com\/en\/#website\"},\"primaryImageOfPage\":{\"@id\":\"https:\/\/bymanet.com\/en\/produit\/anneaux-doreilles-en-plexiglas-cerisier\/#primaryimage\"},\"image\":{\"@id\":\"https:\/\/bymanet.com\/en\/produit\/anneaux-doreilles-en-plexiglas-cerisier\/#primaryimage\"},\"thumbnailUrl\":\"https:\/\/bymanet.com\/wp-content\/uploads\/2020\/04\/Boucle-dO-cerisier-port\u00e9-1-BD-scaled.jpg\",\"datePublished\":\"2020-04-08T17:05:28+00:00\",\"dateModified\":\"2024-05-21T07:54:35+00:00\",\"description\":\"Anneaux d'oreilles en plexiglas transparent grav\u00e9 \u00e0 la main, un accessoire pour des occasions chic ou d\u00e9contract\u00e9es. Fleurs de cerisier.\",\"breadcrumb\":{\"@id\":\"https:\/\/bymanet.com\/en\/produit\/anneaux-doreilles-en-plexiglas-cerisier\/#breadcrumb\"},\"inLanguage\":\"en-US\",\"potentialAction\":[{\"@type\":\"ReadAction\",\"target\":[\"https:\/\/bymanet.com\/en\/produit\/anneaux-doreilles-en-plexiglas-cerisier\/\"]}]},{\"@type\":\"ImageObject\",\"inLanguage\":\"en-US\",\"@id\":\"https:\/\/bymanet.com\/en\/produit\/anneaux-doreilles-en-plexiglas-cerisier\/#primaryimage\",\"url\":\"https:\/\/bymanet.com\/wp-content\/uploads\/2020\/04\/Boucle-dO-cerisier-port\u00e9-1-BD-scaled.jpg\",\"contentUrl\":\"https:\/\/bymanet.com\/wp-content\/uploads\/2020\/04\/Boucle-dO-cerisier-port\u00e9-1-BD-scaled.jpg\",\"width\":2560,\"height\":1704,\"caption\":\"Fille avec des boucle d'oreille en plexiglas transparent grav\u00e9 \u00e0 la main de branche de cerisiers\"},{\"@type\":\"BreadcrumbList\",\"@id\":\"https:\/\/bymanet.com\/en\/produit\/anneaux-doreilles-en-plexiglas-cerisier\/#breadcrumb\",\"itemListElement\":[{\"@type\":\"ListItem\",\"position\":1,\"name\":\"Accueil\",\"item\":\"https:\/\/bymanet.com\/en\/\"},{\"@type\":\"ListItem\",\"position\":2,\"name\":\"Shop\",\"item\":\"https:\/\/bymanet.com\/shop\/?lang=en\"},{\"@type\":\"ListItem\",\"position\":3,\"name\":\"Bijoux\",\"item\":\"https:\/\/bymanet.com\/en\/categorie-produit\/bijoux\/\"},{\"@type\":\"ListItem\",\"position\":4,\"name\":\"Anneaux d&#8217;oreilles en plexiglas &#8211; Cerisier\"}]},{\"@type\":\"WebSite\",\"@id\":\"https:\/\/bymanet.com\/en\/#website\",\"url\":\"https:\/\/bymanet.com\/en\/\",\"name\":\"ByManet\",\"description\":\"Cr\u00e9ation de c\u00e9ramique et de bijoux design et contemporain \u00e0 Igny\",\"publisher\":{\"@id\":\"https:\/\/bymanet.com\/en\/#organization\"},\"potentialAction\":[{\"@type\":\"SearchAction\",\"target\":{\"@type\":\"EntryPoint\",\"urlTemplate\":\"https:\/\/bymanet.com\/en\/?s={search_term_string}\"},\"query-input\":{\"@type\":\"PropertyValueSpecification\",\"valueRequired\":true,\"valueName\":\"search_term_string\"}}],\"inLanguage\":\"en-US\"},{\"@type\":\"Organization\",\"@id\":\"https:\/\/bymanet.com\/en\/#organization\",\"name\":\"ByManet\",\"url\":\"https:\/\/bymanet.com\/en\/\",\"logo\":{\"@type\":\"ImageObject\",\"inLanguage\":\"en-US\",\"@id\":\"https:\/\/bymanet.com\/en\/#\/schema\/logo\/image\/\",\"url\":\"https:\/\/bymanet.com\/wp-content\/uploads\/2023\/02\/LOGO_BY_MANET-ai.svg\",\"contentUrl\":\"https:\/\/bymanet.com\/wp-content\/uploads\/2023\/02\/LOGO_BY_MANET-ai.svg\",\"caption\":\"ByManet\"},\"image\":{\"@id\":\"https:\/\/bymanet.com\/en\/#\/schema\/logo\/image\/\"}}]}<\/script>\n<!-- \/ Yoast SEO plugin. -->","yoast_head_json":{"title":"Anneaux d'oreilles en plexiglas - Cerisier - ByManet","description":"Anneaux d'oreilles en plexiglas transparent grav\u00e9 \u00e0 la main, un accessoire pour des occasions chic ou d\u00e9contract\u00e9es. Fleurs de cerisier.","robots":{"index":"index","follow":"follow","max-snippet":"max-snippet:-1","max-image-preview":"max-image-preview:large","max-video-preview":"max-video-preview:-1"},"canonical":"https:\/\/bymanet.com\/en\/produit\/anneaux-doreilles-en-plexiglas-cerisier\/","og_locale":"en_US","og_type":"article","og_title":"Anneaux d'oreilles en plexiglas - Cerisier - ByManet","og_description":"Anneaux d'oreilles en plexiglas transparent grav\u00e9 \u00e0 la main, un accessoire pour des occasions chic ou d\u00e9contract\u00e9es. Fleurs de cerisier.","og_url":"https:\/\/bymanet.com\/en\/produit\/anneaux-doreilles-en-plexiglas-cerisier\/","og_site_name":"ByManet","article_modified_time":"2024-05-21T07:54:35+00:00","og_image":[{"width":2560,"height":1704,"url":"https:\/\/bymanet.com\/wp-content\/uploads\/2020\/04\/Boucle-dO-cerisier-port\u00e9-1-BD-scaled.jpg","type":"image\/jpeg"}],"twitter_card":"summary_large_image","schema":{"@context":"https:\/\/schema.org","@graph":[{"@type":"WebPage","@id":"https:\/\/bymanet.com\/en\/produit\/anneaux-doreilles-en-plexiglas-cerisier\/","url":"https:\/\/bymanet.com\/en\/produit\/anneaux-doreilles-en-plexiglas-cerisier\/","name":"Anneaux d'oreilles en plexiglas - Cerisier - ByManet","isPartOf":{"@id":"https:\/\/bymanet.com\/en\/#website"},"primaryImageOfPage":{"@id":"https:\/\/bymanet.com\/en\/produit\/anneaux-doreilles-en-plexiglas-cerisier\/#primaryimage"},"image":{"@id":"https:\/\/bymanet.com\/en\/produit\/anneaux-doreilles-en-plexiglas-cerisier\/#primaryimage"},"thumbnailUrl":"https:\/\/bymanet.com\/wp-content\/uploads\/2020\/04\/Boucle-dO-cerisier-port\u00e9-1-BD-scaled.jpg","datePublished":"2020-04-08T17:05:28+00:00","dateModified":"2024-05-21T07:54:35+00:00","description":"Anneaux d'oreilles en plexiglas transparent grav\u00e9 \u00e0 la main, un accessoire pour des occasions chic ou d\u00e9contract\u00e9es. Fleurs de cerisier.","breadcrumb":{"@id":"https:\/\/bymanet.com\/en\/produit\/anneaux-doreilles-en-plexiglas-cerisier\/#breadcrumb"},"inLanguage":"en-US","potentialAction":[{"@type":"ReadAction","target":["https:\/\/bymanet.com\/en\/produit\/anneaux-doreilles-en-plexiglas-cerisier\/"]}]},{"@type":"ImageObject","inLanguage":"en-US","@id":"https:\/\/bymanet.com\/en\/produit\/anneaux-doreilles-en-plexiglas-cerisier\/#primaryimage","url":"https:\/\/bymanet.com\/wp-content\/uploads\/2020\/04\/Boucle-dO-cerisier-port\u00e9-1-BD-scaled.jpg","contentUrl":"https:\/\/bymanet.com\/wp-content\/uploads\/2020\/04\/Boucle-dO-cerisier-port\u00e9-1-BD-scaled.jpg","width":2560,"height":1704,"caption":"Fille avec des boucle d'oreille en plexiglas transparent grav\u00e9 \u00e0 la main de branche de cerisiers"},{"@type":"BreadcrumbList","@id":"https:\/\/bymanet.com\/en\/produit\/anneaux-doreilles-en-plexiglas-cerisier\/#breadcrumb","itemListElement":[{"@type":"ListItem","position":1,"name":"Accueil","item":"https:\/\/bymanet.com\/en\/"},{"@type":"ListItem","position":2,"name":"Shop","item":"https:\/\/bymanet.com\/shop\/?lang=en"},{"@type":"ListItem","position":3,"name":"Bijoux","item":"https:\/\/bymanet.com\/en\/categorie-produit\/bijoux\/"},{"@type":"ListItem","position":4,"name":"Anneaux d&#8217;oreilles en plexiglas &#8211; Cerisier"}]},{"@type":"WebSite","@id":"https:\/\/bymanet.com\/en\/#website","url":"https:\/\/bymanet.com\/en\/","name":"ByManet","description":"Cr\u00e9ation de c\u00e9ramique et de bijoux design et contemporain \u00e0 Igny","publisher":{"@id":"https:\/\/bymanet.com\/en\/#organization"},"potentialAction":[{"@type":"SearchAction","target":{"@type":"EntryPoint","urlTemplate":"https:\/\/bymanet.com\/en\/?s={search_term_string}"},"query-input":{"@type":"PropertyValueSpecification","valueRequired":true,"valueName":"search_term_string"}}],"inLanguage":"en-US"},{"@type":"Organization","@id":"https:\/\/bymanet.com\/en\/#organization","name":"ByManet","url":"https:\/\/bymanet.com\/en\/","logo":{"@type":"ImageObject","inLanguage":"en-US","@id":"https:\/\/bymanet.com\/en\/#\/schema\/logo\/image\/","url":"https:\/\/bymanet.com\/wp-content\/uploads\/2023\/02\/LOGO_BY_MANET-ai.svg","contentUrl":"https:\/\/bymanet.com\/wp-content\/uploads\/2023\/02\/LOGO_BY_MANET-ai.svg","caption":"ByManet"},"image":{"@id":"https:\/\/bymanet.com\/en\/#\/schema\/logo\/image\/"}}]}},"_links":{"self":[{"href":"https:\/\/bymanet.com\/en\/wp-json\/wp\/v2\/product\/1019","targetHints":{"allow":["GET"]}}],"collection":[{"href":"https:\/\/bymanet.com\/en\/wp-json\/wp\/v2\/product"}],"about":[{"href":"https:\/\/bymanet.com\/en\/wp-json\/wp\/v2\/types\/product"}],"replies":[{"embeddable":true,"href":"https:\/\/bymanet.com\/en\/wp-json\/wp\/v2\/comments?post=1019"}],"version-history":[{"count":0,"href":"https:\/\/bymanet.com\/en\/wp-json\/wp\/v2\/product\/1019\/revisions"}],"wp:featuredmedia":[{"embeddable":true,"href":"https:\/\/bymanet.com\/en\/wp-json\/wp\/v2\/media\/1034"}],"wp:attachment":[{"href":"https:\/\/bymanet.com\/en\/wp-json\/wp\/v2\/media?parent=1019"}],"wp:term":[{"taxonomy":"product_brand","embeddable":true,"href":"https:\/\/bymanet.com\/en\/wp-json\/wp\/v2\/product_brand?post=1019"},{"taxonomy":"product_cat","embeddable":true,"href":"https:\/\/bymanet.com\/en\/wp-json\/wp\/v2\/product_cat?post=1019"},{"taxonomy":"product_tag","embeddable":true,"href":"https:\/\/bymanet.com\/en\/wp-json\/wp\/v2\/product_tag?post=1019"}],"curies":[{"name":"wp","href":"https:\/\/api.w.org\/{rel}","templated":true}]}}