{"id":4026,"date":"2023-02-21T18:22:26","date_gmt":"2023-02-21T17:22:26","guid":{"rendered":"https:\/\/bymanet-shop.fr\/?post_type=product&#038;p=4026"},"modified":"2026-04-13T11:47:23","modified_gmt":"2026-04-13T09:47:23","slug":"stage-collectif-de-ceramique","status":"publish","type":"product","link":"https:\/\/bymanet.com\/en\/produit\/stage-collectif-de-ceramique\/","title":{"rendered":"Stage collectif de c\u00e9ramique"},"content":{"rendered":"<p>Les stage collectif de c\u00e9ramique dans mon atelier sont ouvert \u00e0 tous les niveaux. Toutes les personnes d\u00e9sireuses de d\u00e9couvrir et essayer la c\u00e9ramique, bienvenue ! Tout(e) seul(e), en famille, entre amis ou coll\u00e8gues, venez apprendre les diff\u00e9rentes techniques artisanales li\u00e9es au monde de la c\u00e9ramique. A travers votre projet, vous testerez la technique du pinc\u00e9 ou modelage, du colombin, de l\u2019estampage ou encore de la plaque.<\/p>\n<p>Vous souhaitez vivre une exp\u00e9rience cr\u00e9ative unique et originale ? Apprendre les secrets de la c\u00e9ramique et parfaire vos connaissances ? Venez d\u00e9couvrir les gestes de base ou vous perfectionner \u00e0 la c\u00e9ramique dans mon atelier d\u2019artiste \u00e0 Igny dans l\u2019Essonne (proche de Massy et le RER C).<\/p>\n<h3 class=\"elementor-image-box-title\">Lib\u00e9rez votre cr\u00e9ativit\u00e9 en choisissant un cours de c\u00e9ramique<\/h3>\n<p class=\"elementor-image-box-description\">Pendant votre stage collectif de c\u00e9ramique, je vous apprendrai \u00e0 cr\u00e9er des bols, des pots de fleurs ou encore des sapins pour No\u00ebl.<br \/>\nLudiques et cr\u00e9atifs, les stages courts et intenses s\u2019effectuent en groupe de 4 personnes au maximum et sont ouverts tant aux d\u00e9butants qu\u2019aux confirm\u00e9s.<\/p>\n<p>La c\u00e9ramique, commun\u00e9ment nomm\u00e9e poterie est un loisir cr\u00e9atif incontournable aujourd\u2019hui. Pour une vie ou pour quelques heures, ce loisir cr\u00e9atif vous entraine au contacte de votre cr\u00e9ativit\u00e9 dans une exp\u00e9rience singuli\u00e8re et authentique.<\/p>\n<p>Travailler de ses mains lib\u00e8re les tentions de votre corps et les soucis de votre t\u00eate. A la fois physique et calme, cette activit\u00e9 au pouvoir m\u00e9ditatif vous apportera \u00e9nergie et apaisement malgr\u00e9 vous ^^. Par l\u2019action du modelage et l\u2019intention cr\u00e9ative, vous ferez appel \u00e0 votre imaginaire et au plaisir de faire. Venez d\u00e9couvrir les possible de l&#8217;argile lors d\u2019un moment privil\u00e9gier avec vous-m\u00eame et au contact des autres participants.<\/p>\n<p class=\"elementor-image-box-description\">Le mat\u00e9riel, les mati\u00e8res premi\u00e8res, les outils et les cuissons sont inclus.<\/p>\n<div class=\"gmail_default\">pour information, \u00a0vous ne pourrez pas repartir avec les pieces puisque la terre a besoin, de s\u00e9cher et d&#8217;\u00eatre cuite deux fois. Je m&#8217;occupe de cette poste production, \u00e9mail et cuit vos pi\u00e8ces. Entre un et deux mois apr\u00e8s, je vous recontacte quand les pi\u00e8ces sont disponibles \u00e0 l&#8217;atelier !<\/div>\n<div><\/div>\n<div>\n<h4><strong>Annulation et report Cours collectifs<\/strong><\/h4>\n<p>Vous avez le droit d\u2019annuler ou de remplacer sans p\u00e9nalit\u00e9s votre cours collectif <strong>jusqu&#8217;\u00e0 6 jours (ouvr\u00e9s) avant l&#8217;atelier.<\/strong> Au-del\u00e0 il vous sera demand\u00e9 la moiti\u00e9 de votre r\u00e9servation, que ce soit une annulation ou report.<\/p>\n<p>Pour une annulation (ou report) 3<strong>\u00a0jours avant l&#8217;atelier, <\/strong>aucun remboursement ne sera effectu\u00e9, et ce sans exception.<\/p>\n<p>Apr\u00e8s 6 jours, cause d\u2019annulation valable\u00a0:<\/p>\n<p>. <strong>maladie<\/strong> (pas besoins de <strong>\u00a0<\/strong>justificatif m\u00e9dical valable mais de votre bonne foi) qui imposent donc une flexibilit\u00e9.<\/p>\n<p><strong>. situations exceptionnelles<\/strong>\u00a0<em>(d\u00e9c\u00e8s par exemple)<\/em>. Pour tout autre cas il est surement possible d\u2019adapter.<\/p>\n<p>Merci de votre compr\u00e9hension, toute annulation est une complication importante dans le bon d\u00e9roulement de la proposition d\u2019atelier. Cela peut repr\u00e9senter une pertes s\u00e8che importante et une d\u00e9stabilisation organisationnelle ainsi que financi\u00e8re de ces changements hors d\u00e9lai.<\/p>\n<p>S\u2019il vous est possible, n\u2019h\u00e9sitez pas \u00e0 partager votre r\u00e9servation \u00e0 quelqu&#8217;un\u00a0!<\/p>\n<\/div>\n","protected":false},"excerpt":{"rendered":"<p>Horaires cours de 2h le matin de 10h \u00e0 12h et cours de 3h\u00a0 l&#8217;apr\u00e8s-midi de 14h \u00e0 17h<\/p>\n<ul>\n<li>Cours de C\u00e9ramique avec les techniques manuelles du modelage, du colombin ou de la plaque (PAS de tournage).<\/li>\n<li><b>Les stages conviennent aux enfant et aux d\u00e9butant comme aux confirm\u00e9s.<\/b><br \/>\nLe mat\u00e9riel, les mati\u00e8res premi\u00e8res, les outils et les cuissons sont inclus.<\/li>\n<li>Stage collectif pour quatre personnes \u00e0 la fois.<\/li>\n<li>Adresse et plan pour arriver \u00e0 l&#8217;atelier envoy\u00e9s apr\u00e8s inscription ( IGNY 91)<\/li>\n<li>ATTENTION CHAT GENTIL dans l&#8217;atelier, allergiques et phobiques prenez vos pr\u00e9cautions ^^<\/li>\n<\/ul>\n","protected":false},"featured_media":3527,"comment_status":"open","ping_status":"closed","template":"","meta":{"_acf_changed":false},"product_brand":[],"product_cat":[57],"product_tag":[171,169,166,168,170,167],"class_list":{"0":"post-4026","1":"product","2":"type-product","3":"status-publish","4":"has-post-thumbnail","6":"product_cat-cours","7":"product_tag-atelier","8":"product_tag-colombin","9":"product_tag-cours","10":"product_tag-modelage","11":"product_tag-plaque","12":"product_tag-stage","14":"first","15":"instock","16":"shipping-taxable","17":"purchasable","18":"product-type-variable"},"acf":[],"yoast_head":"<!-- This site is optimized with the Yoast SEO plugin v26.0 - https:\/\/yoast.com\/wordpress\/plugins\/seo\/ -->\n<title>Stage collectif de c\u00e9ramique - ByManet<\/title>\n<meta name=\"description\" content=\"Stage collectif de c\u00e9ramique \u00e0 Igny dans l&#039;Essonne pour d\u00e9velopper sa cr\u00e9ativit\u00e9 et prendre confiance en ses capacit\u00e9s artistique dans un cours de poterie.\" \/>\n<meta name=\"robots\" content=\"index, follow, max-snippet:-1, max-image-preview:large, max-video-preview:-1\" \/>\n<link rel=\"canonical\" href=\"https:\/\/bymanet.com\/en\/produit\/stage-collectif-de-ceramique\/\" \/>\n<meta property=\"og:locale\" content=\"en_US\" \/>\n<meta property=\"og:type\" content=\"article\" \/>\n<meta property=\"og:title\" content=\"Stage collectif de c\u00e9ramique - ByManet\" \/>\n<meta property=\"og:description\" content=\"Stage collectif de c\u00e9ramique \u00e0 Igny dans l&#039;Essonne pour d\u00e9velopper sa cr\u00e9ativit\u00e9 et prendre confiance en ses capacit\u00e9s artistique dans un cours de poterie.\" \/>\n<meta property=\"og:url\" content=\"https:\/\/bymanet.com\/en\/produit\/stage-collectif-de-ceramique\/\" \/>\n<meta property=\"og:site_name\" content=\"ByManet\" \/>\n<meta property=\"article:modified_time\" content=\"2026-04-13T09:47:23+00:00\" \/>\n<meta property=\"og:image\" content=\"https:\/\/bymanet.com\/wp-content\/uploads\/2021\/11\/cours-de-ceramique-atelier-By-Manet-20-BD.jpg\" \/>\n\t<meta property=\"og:image:width\" content=\"2000\" \/>\n\t<meta property=\"og:image:height\" content=\"1333\" \/>\n\t<meta property=\"og:image:type\" content=\"image\/jpeg\" \/>\n<meta name=\"twitter:card\" content=\"summary_large_image\" \/>\n<script type=\"application\/ld+json\" class=\"yoast-schema-graph\">{\"@context\":\"https:\/\/schema.org\",\"@graph\":[{\"@type\":\"WebPage\",\"@id\":\"https:\/\/bymanet.com\/en\/produit\/stage-collectif-de-ceramique\/\",\"url\":\"https:\/\/bymanet.com\/en\/produit\/stage-collectif-de-ceramique\/\",\"name\":\"Stage collectif de c\u00e9ramique - ByManet\",\"isPartOf\":{\"@id\":\"https:\/\/bymanet.com\/en\/#website\"},\"primaryImageOfPage\":{\"@id\":\"https:\/\/bymanet.com\/en\/produit\/stage-collectif-de-ceramique\/#primaryimage\"},\"image\":{\"@id\":\"https:\/\/bymanet.com\/en\/produit\/stage-collectif-de-ceramique\/#primaryimage\"},\"thumbnailUrl\":\"https:\/\/bymanet.com\/wp-content\/uploads\/2021\/11\/cours-de-ceramique-atelier-By-Manet-20-BD.jpg\",\"datePublished\":\"2023-02-21T17:22:26+00:00\",\"dateModified\":\"2026-04-13T09:47:23+00:00\",\"description\":\"Stage collectif de c\u00e9ramique \u00e0 Igny dans l'Essonne pour d\u00e9velopper sa cr\u00e9ativit\u00e9 et prendre confiance en ses capacit\u00e9s artistique dans un cours de poterie.\",\"breadcrumb\":{\"@id\":\"https:\/\/bymanet.com\/en\/produit\/stage-collectif-de-ceramique\/#breadcrumb\"},\"inLanguage\":\"en-US\",\"potentialAction\":[{\"@type\":\"ReadAction\",\"target\":[\"https:\/\/bymanet.com\/en\/produit\/stage-collectif-de-ceramique\/\"]}]},{\"@type\":\"ImageObject\",\"inLanguage\":\"en-US\",\"@id\":\"https:\/\/bymanet.com\/en\/produit\/stage-collectif-de-ceramique\/#primaryimage\",\"url\":\"https:\/\/bymanet.com\/wp-content\/uploads\/2021\/11\/cours-de-ceramique-atelier-By-Manet-20-BD.jpg\",\"contentUrl\":\"https:\/\/bymanet.com\/wp-content\/uploads\/2021\/11\/cours-de-ceramique-atelier-By-Manet-20-BD.jpg\",\"width\":2000,\"height\":1333,\"caption\":\"cours et stage de c\u00e9ramique \u00e0 l'atelier By Manet\"},{\"@type\":\"BreadcrumbList\",\"@id\":\"https:\/\/bymanet.com\/en\/produit\/stage-collectif-de-ceramique\/#breadcrumb\",\"itemListElement\":[{\"@type\":\"ListItem\",\"position\":1,\"name\":\"Accueil\",\"item\":\"https:\/\/bymanet.com\/en\/\"},{\"@type\":\"ListItem\",\"position\":2,\"name\":\"Shop\",\"item\":\"https:\/\/bymanet.com\/shop\/?lang=en\"},{\"@type\":\"ListItem\",\"position\":3,\"name\":\"Courses\",\"item\":\"https:\/\/bymanet.com\/en\/categorie-produit\/courses\/\"},{\"@type\":\"ListItem\",\"position\":4,\"name\":\"Stage collectif de c\u00e9ramique\"}]},{\"@type\":\"WebSite\",\"@id\":\"https:\/\/bymanet.com\/en\/#website\",\"url\":\"https:\/\/bymanet.com\/en\/\",\"name\":\"ByManet\",\"description\":\"Cr\u00e9ation de c\u00e9ramique et de bijoux design et contemporain \u00e0 Igny\",\"publisher\":{\"@id\":\"https:\/\/bymanet.com\/en\/#organization\"},\"potentialAction\":[{\"@type\":\"SearchAction\",\"target\":{\"@type\":\"EntryPoint\",\"urlTemplate\":\"https:\/\/bymanet.com\/en\/?s={search_term_string}\"},\"query-input\":{\"@type\":\"PropertyValueSpecification\",\"valueRequired\":true,\"valueName\":\"search_term_string\"}}],\"inLanguage\":\"en-US\"},{\"@type\":\"Organization\",\"@id\":\"https:\/\/bymanet.com\/en\/#organization\",\"name\":\"ByManet\",\"url\":\"https:\/\/bymanet.com\/en\/\",\"logo\":{\"@type\":\"ImageObject\",\"inLanguage\":\"en-US\",\"@id\":\"https:\/\/bymanet.com\/en\/#\/schema\/logo\/image\/\",\"url\":\"https:\/\/bymanet.com\/wp-content\/uploads\/2023\/02\/LOGO_BY_MANET-ai.svg\",\"contentUrl\":\"https:\/\/bymanet.com\/wp-content\/uploads\/2023\/02\/LOGO_BY_MANET-ai.svg\",\"caption\":\"ByManet\"},\"image\":{\"@id\":\"https:\/\/bymanet.com\/en\/#\/schema\/logo\/image\/\"}}]}<\/script>\n<!-- \/ Yoast SEO plugin. -->","yoast_head_json":{"title":"Stage collectif de c\u00e9ramique - ByManet","description":"Stage collectif de c\u00e9ramique \u00e0 Igny dans l'Essonne pour d\u00e9velopper sa cr\u00e9ativit\u00e9 et prendre confiance en ses capacit\u00e9s artistique dans un cours de poterie.","robots":{"index":"index","follow":"follow","max-snippet":"max-snippet:-1","max-image-preview":"max-image-preview:large","max-video-preview":"max-video-preview:-1"},"canonical":"https:\/\/bymanet.com\/en\/produit\/stage-collectif-de-ceramique\/","og_locale":"en_US","og_type":"article","og_title":"Stage collectif de c\u00e9ramique - ByManet","og_description":"Stage collectif de c\u00e9ramique \u00e0 Igny dans l'Essonne pour d\u00e9velopper sa cr\u00e9ativit\u00e9 et prendre confiance en ses capacit\u00e9s artistique dans un cours de poterie.","og_url":"https:\/\/bymanet.com\/en\/produit\/stage-collectif-de-ceramique\/","og_site_name":"ByManet","article_modified_time":"2026-04-13T09:47:23+00:00","og_image":[{"width":2000,"height":1333,"url":"https:\/\/bymanet.com\/wp-content\/uploads\/2021\/11\/cours-de-ceramique-atelier-By-Manet-20-BD.jpg","type":"image\/jpeg"}],"twitter_card":"summary_large_image","schema":{"@context":"https:\/\/schema.org","@graph":[{"@type":"WebPage","@id":"https:\/\/bymanet.com\/en\/produit\/stage-collectif-de-ceramique\/","url":"https:\/\/bymanet.com\/en\/produit\/stage-collectif-de-ceramique\/","name":"Stage collectif de c\u00e9ramique - ByManet","isPartOf":{"@id":"https:\/\/bymanet.com\/en\/#website"},"primaryImageOfPage":{"@id":"https:\/\/bymanet.com\/en\/produit\/stage-collectif-de-ceramique\/#primaryimage"},"image":{"@id":"https:\/\/bymanet.com\/en\/produit\/stage-collectif-de-ceramique\/#primaryimage"},"thumbnailUrl":"https:\/\/bymanet.com\/wp-content\/uploads\/2021\/11\/cours-de-ceramique-atelier-By-Manet-20-BD.jpg","datePublished":"2023-02-21T17:22:26+00:00","dateModified":"2026-04-13T09:47:23+00:00","description":"Stage collectif de c\u00e9ramique \u00e0 Igny dans l'Essonne pour d\u00e9velopper sa cr\u00e9ativit\u00e9 et prendre confiance en ses capacit\u00e9s artistique dans un cours de poterie.","breadcrumb":{"@id":"https:\/\/bymanet.com\/en\/produit\/stage-collectif-de-ceramique\/#breadcrumb"},"inLanguage":"en-US","potentialAction":[{"@type":"ReadAction","target":["https:\/\/bymanet.com\/en\/produit\/stage-collectif-de-ceramique\/"]}]},{"@type":"ImageObject","inLanguage":"en-US","@id":"https:\/\/bymanet.com\/en\/produit\/stage-collectif-de-ceramique\/#primaryimage","url":"https:\/\/bymanet.com\/wp-content\/uploads\/2021\/11\/cours-de-ceramique-atelier-By-Manet-20-BD.jpg","contentUrl":"https:\/\/bymanet.com\/wp-content\/uploads\/2021\/11\/cours-de-ceramique-atelier-By-Manet-20-BD.jpg","width":2000,"height":1333,"caption":"cours et stage de c\u00e9ramique \u00e0 l'atelier By Manet"},{"@type":"BreadcrumbList","@id":"https:\/\/bymanet.com\/en\/produit\/stage-collectif-de-ceramique\/#breadcrumb","itemListElement":[{"@type":"ListItem","position":1,"name":"Accueil","item":"https:\/\/bymanet.com\/en\/"},{"@type":"ListItem","position":2,"name":"Shop","item":"https:\/\/bymanet.com\/shop\/?lang=en"},{"@type":"ListItem","position":3,"name":"Courses","item":"https:\/\/bymanet.com\/en\/categorie-produit\/courses\/"},{"@type":"ListItem","position":4,"name":"Stage collectif de c\u00e9ramique"}]},{"@type":"WebSite","@id":"https:\/\/bymanet.com\/en\/#website","url":"https:\/\/bymanet.com\/en\/","name":"ByManet","description":"Cr\u00e9ation de c\u00e9ramique et de bijoux design et contemporain \u00e0 Igny","publisher":{"@id":"https:\/\/bymanet.com\/en\/#organization"},"potentialAction":[{"@type":"SearchAction","target":{"@type":"EntryPoint","urlTemplate":"https:\/\/bymanet.com\/en\/?s={search_term_string}"},"query-input":{"@type":"PropertyValueSpecification","valueRequired":true,"valueName":"search_term_string"}}],"inLanguage":"en-US"},{"@type":"Organization","@id":"https:\/\/bymanet.com\/en\/#organization","name":"ByManet","url":"https:\/\/bymanet.com\/en\/","logo":{"@type":"ImageObject","inLanguage":"en-US","@id":"https:\/\/bymanet.com\/en\/#\/schema\/logo\/image\/","url":"https:\/\/bymanet.com\/wp-content\/uploads\/2023\/02\/LOGO_BY_MANET-ai.svg","contentUrl":"https:\/\/bymanet.com\/wp-content\/uploads\/2023\/02\/LOGO_BY_MANET-ai.svg","caption":"ByManet"},"image":{"@id":"https:\/\/bymanet.com\/en\/#\/schema\/logo\/image\/"}}]}},"_links":{"self":[{"href":"https:\/\/bymanet.com\/en\/wp-json\/wp\/v2\/product\/4026","targetHints":{"allow":["GET"]}}],"collection":[{"href":"https:\/\/bymanet.com\/en\/wp-json\/wp\/v2\/product"}],"about":[{"href":"https:\/\/bymanet.com\/en\/wp-json\/wp\/v2\/types\/product"}],"replies":[{"embeddable":true,"href":"https:\/\/bymanet.com\/en\/wp-json\/wp\/v2\/comments?post=4026"}],"version-history":[{"count":1,"href":"https:\/\/bymanet.com\/en\/wp-json\/wp\/v2\/product\/4026\/revisions"}],"predecessor-version":[{"id":14998,"href":"https:\/\/bymanet.com\/en\/wp-json\/wp\/v2\/product\/4026\/revisions\/14998"}],"wp:featuredmedia":[{"embeddable":true,"href":"https:\/\/bymanet.com\/en\/wp-json\/wp\/v2\/media\/3527"}],"wp:attachment":[{"href":"https:\/\/bymanet.com\/en\/wp-json\/wp\/v2\/media?parent=4026"}],"wp:term":[{"taxonomy":"product_brand","embeddable":true,"href":"https:\/\/bymanet.com\/en\/wp-json\/wp\/v2\/product_brand?post=4026"},{"taxonomy":"product_cat","embeddable":true,"href":"https:\/\/bymanet.com\/en\/wp-json\/wp\/v2\/product_cat?post=4026"},{"taxonomy":"product_tag","embeddable":true,"href":"https:\/\/bymanet.com\/en\/wp-json\/wp\/v2\/product_tag?post=4026"}],"curies":[{"name":"wp","href":"https:\/\/api.w.org\/{rel}","templated":true}]}}